{"id":235,"date":"2014-07-14T10:47:13","date_gmt":"2014-07-14T10:47:13","guid":{"rendered":"http:\/\/www.asociacionvegana.es\/?page_id=235"},"modified":"2014-07-14T10:59:03","modified_gmt":"2014-07-14T10:59:03","slug":"circulares-informativas","status":"publish","type":"page","link":"https:\/\/www.asociacionvegana.es\/?page_id=235","title":{"rendered":"Circulares informativas"},"content":{"rendered":"<table border=\"0\" width=\"85%\" bgcolor=\"#FFCC99\">\n<tbody>\n<tr>\n<td><b><i><span style=\"font-family: Arial, Helvetica;\"><span style=\"color: #ff0000;\"><span style=\"font-size: small;\">\u00a0Archivo de Circulares informativas\u00a0<\/span><\/span><\/span><\/i><\/b><\/td>\n<\/tr>\n<\/tbody>\n<\/table>\n<p><span style=\"color: #000000;\">\u00a0<\/span><\/p>\n<hr style=\"color: #000000;\" align=\"RIGHT\" width=\"100%\" \/>\n<ul style=\"color: #000000;\">\n<li><a href=\"http:\/\/www.ivu.org\/ave\/cirinf1.html\">Circular informativa &#8211; <\/a>Segunda \u00e9poca\u00a0(11\/\u00a02002). Contenido:\n<ul>\n<li>Presentaci\u00f3n a cargo de Francisco Mart\u00edn<\/li>\n<li>Art\u00edculo: El veganismo y la cultura de la carne<\/li>\n<li>Presentaci\u00f3n a cargo de David Rom\u00e1n y Estrella Vilaplana<\/li>\n<li>Presentaci\u00f3n a cargo de Ana Moreno<\/li>\n<li><\/li>\n<li><a style=\"color: #24890d;\" href=\"http:\/\/www.ivu.org\/ave\/circ3.html\">Circular n\u00ba 3<\/a>\u00a0(invierno \u00b498). Contenido:<\/li>\n<li>Saludo y pr\u00f3ximos encuentros veganos<\/li>\n<li>Imparable avance de las Medicinas Alternativas<\/li>\n<li>La permacultura y el veganismo<\/li>\n<li>Direcciones de grupos relacionados con el veganismo en el Reino Unido<\/li>\n<li><\/li>\n<li><a style=\"color: #24890d;\" href=\"http:\/\/www.ivu.org\/ave\/circ2.html\">Circular n\u00ba 2<\/a>\u00a0(oto\u00f1o \u00b497). Contenido:<\/li>\n<li>XXXIII Congreso Vegetariano Internacional, en Tailandia<\/li>\n<li>Correo de AVE:\u00a0<i style=\"font-style: italic;\">\u00abLa salud, una responsabilidad personal\u00bb<\/i>, por Aurora Gonzalvo<\/li>\n<li><i style=\"font-style: italic;\">\u00abEl vegetarianismo: la elecci\u00f3n \u00e9tica sensata\u00bb<\/i>, por Francisco Mart\u00edn.<\/li>\n<li><\/li>\n<li><a href=\"http:\/\/www.ivu.org\/ave\/circ1.html\">Circular n\u00ba 1<\/a>\u00a0(verano \u00b497). Contenido:<\/li>\n<li>Ultimas actividades y presentaci\u00f3n de las delegaciones de AVE.<\/li>\n<li>VI Congreso Vegetariano Europeo<\/li>\n<li>Conclusiones del Primer Encuentro Internacional sobre Vegetarianismo y Derechos del Animal, celebrado el pasado junio en Tossa de Mar.<\/li>\n<li>Entrevista a Francisco Mart\u00edn aparecida en \u201cLetras\u201d, una publicaci\u00f3n de la Universidad Sim\u00f3n Bol\u00edvar de Venezuela.<\/li>\n<\/ul>\n<\/li>\n<\/ul>\n","protected":false},"excerpt":{"rendered":"<p>\u00a0Archivo de Circulares informativas\u00a0 \u00a0 Circular informativa &#8211; Segunda \u00e9poca\u00a0(11\/\u00a02002). Contenido: Presentaci\u00f3n a cargo de Francisco Mart\u00edn Art\u00edculo: El veganismo y la cultura de la carne Presentaci\u00f3n a cargo de David Rom\u00e1n y Estrella Vilaplana Presentaci\u00f3n a cargo de Ana Moreno Circular n\u00ba 3\u00a0(invierno \u00b498). Contenido: Saludo y pr\u00f3ximos encuentros veganos Imparable avance de las &hellip; <a href=\"https:\/\/www.asociacionvegana.es\/?page_id=235\" class=\"more-link\">Seguir leyendo <span class=\"screen-reader-text\">Circulares informativas<\/span> <span class=\"meta-nav\">&rarr;<\/span><\/a><\/p>\n","protected":false},"author":3,"featured_media":0,"parent":195,"menu_order":0,"comment_status":"closed","ping_status":"closed","template":"","meta":{"footnotes":""},"class_list":["post-235","page","type-page","status-publish","hentry"],"_links":{"self":[{"href":"https:\/\/www.asociacionvegana.es\/index.php?rest_route=\/wp\/v2\/pages\/235","targetHints":{"allow":["GET"]}}],"collection":[{"href":"https:\/\/www.asociacionvegana.es\/index.php?rest_route=\/wp\/v2\/pages"}],"about":[{"href":"https:\/\/www.asociacionvegana.es\/index.php?rest_route=\/wp\/v2\/types\/page"}],"author":[{"embeddable":true,"href":"https:\/\/www.asociacionvegana.es\/index.php?rest_route=\/wp\/v2\/users\/3"}],"replies":[{"embeddable":true,"href":"https:\/\/www.asociacionvegana.es\/index.php?rest_route=%2Fwp%2Fv2%2Fcomments&post=235"}],"version-history":[{"count":1,"href":"https:\/\/www.asociacionvegana.es\/index.php?rest_route=\/wp\/v2\/pages\/235\/revisions"}],"predecessor-version":[{"id":236,"href":"https:\/\/www.asociacionvegana.es\/index.php?rest_route=\/wp\/v2\/pages\/235\/revisions\/236"}],"up":[{"embeddable":true,"href":"https:\/\/www.asociacionvegana.es\/index.php?rest_route=\/wp\/v2\/pages\/195"}],"wp:attachment":[{"href":"https:\/\/www.asociacionvegana.es\/index.php?rest_route=%2Fwp%2Fv2%2Fmedia&parent=235"}],"curies":[{"name":"wp","href":"https:\/\/api.w.org\/{rel}","templated":true}]}}